{"id":5,"date":"2021-03-21T11:14:51","date_gmt":"2021-03-21T14:14:51","guid":{"rendered":"http:\/\/www.teck2think.cf\/?page_id=5"},"modified":"2024-10-14T17:12:03","modified_gmt":"2024-10-14T20:12:03","slug":"politica-de-privacidade","status":"publish","type":"page","link":"https:\/\/www.tech2think.com.br\/index.php\/politica-de-privacidade\/","title":{"rendered":"Pol\u00edtica de privacidade"},"content":{"rendered":"\n<p><strong>1. TERMOS E DEFINI\u00c7\u00d5ES<\/strong><\/p>\n\n\n\n<ul class=\"wp-block-list\">\n<li><strong>Titular de dados:\u00a0<\/strong>pessoa a quem se referem os dados tratados;<\/li>\n\n\n\n<li><strong>Dados pessoais:\u00a0<\/strong>informa\u00e7\u00e3o que identifique ou possa identificar uma pessoa. Ex.: nome, CPF, etc.;<\/li>\n\n\n\n<li><strong>Tratamento de Dados:<\/strong>\u00a0tudo o que podemos fazer com o dado. Ex.: coleta, arquivo, compartilhamento etc.;<\/li>\n\n\n\n<li><strong>Dados Pessoais Sens\u00edveis:\u00a0<\/strong>dados que revelem a origem racial ou \u00e9tnica, opini\u00f5es pol\u00edticas e convic\u00e7\u00f5es religiosas ou filos\u00f3ficas, dados gen\u00e9ticos e biom\u00e9tricos, dados vinculados a sa\u00fade do titular;<\/li>\n\n\n\n<li><strong>Cookies:\u00a0<\/strong>pequeno arquivo de texto que cont\u00e9m uma etiqueta de identifica\u00e7\u00e3o exclusiva, colocada no seu computador por um site. Neste arquivo, v\u00e1rias informa\u00e7\u00f5es podem ser armazenadas;<\/li>\n\n\n\n<li><strong>Controlador:\u00a0<\/strong>pessoa natural ou jur\u00eddica, de direito p\u00fablico ou privado, a quem competem as decis\u00f5es referentes ao tratamento de dados pessoais;<\/li>\n\n\n\n<li><strong>Operador<\/strong>: pessoa natural ou jur\u00eddica, de direito p\u00fablico ou privado, que realiza o tratamento de dados pessoais em nome do controlador.<\/li>\n<\/ul>\n\n\n\n<p><strong>2. COMO E QUAIS DADOS TRATAMOS?<\/strong><\/p>\n\n\n\n<p>Atrav\u00e9s do nosso site voc\u00ea poder\u00e1 nos fornecer dados e informa\u00e7\u00f5es quando realizar as seguintes a\u00e7\u00f5es:<\/p>\n\n\n\n<ul class=\"wp-block-list\">\n<li><strong>Solicitar contato atrav\u00e9s da op\u00e7\u00e3o \u201cContato\u201d<\/strong>\u00a0\u2013 dados de identifica\u00e7\u00e3o e contato;<strong>\u200d<\/strong><\/li>\n\n\n\n<li><strong>Enviar uma mensagem\u00a0<\/strong>\u2013 dados de identifica\u00e7\u00e3o, localiza\u00e7\u00e3o e contato;<strong>\u200d<\/strong><\/li>\n<\/ul>\n\n\n\n<p>Em respeito \u00e0 Lei Geral de Prote\u00e7\u00e3o de dados, n\u00f3s informamos que&nbsp;<strong><em>realizamos o tratamento dos seus dados e informa\u00e7\u00f5es com base no consentimento<\/em><\/strong>.<\/p>\n\n\n\n<p><strong>3. DIREITO DOS TITULARES<\/strong><\/p>\n\n\n\n<p>A Tech2Think assegura a seus clientes o atendimento aos direitos vinculados a Lei Geral de Prote\u00e7\u00e3o de dados listados abaixo, devendo para tanto o titular de dados encaminhar e-mail com a sua solicita\u00e7\u00e3o para&nbsp;<strong>tech2think@tech2think.com.br<\/strong>, n\u00f3s a responderemos no prazo legal indicado.<\/p>\n\n\n\n<p><strong>4. COMPARTILHAMENTO DE DADOS<\/strong><\/p>\n\n\n\n<p>Importante informar que a Tech2Think inclui suas informa\u00e7\u00f5es, banco de dados e conte\u00fado como ativos da empresa, de maneira que caso venha a ser vendida, adquirida ou fundida com outra, os dados ser\u00e3o compartilhados para a viabiliza\u00e7\u00e3o do neg\u00f3cio jur\u00eddico e ficar\u00e3o sob dom\u00ednio da empresa adquirente.<\/p>\n\n\n\n<p>&nbsp;\u00c9 de&nbsp;<strong><em>extrema import\u00e2ncia informar a voc\u00ea<\/em><\/strong>&nbsp;que n\u00f3s compartilharemos os seus dados com terceiros em algumas situa\u00e7\u00f5es:<\/p>\n\n\n\n<ul class=\"wp-block-list\">\n<li><strong>Defesa em processos judiciais:\u00a0<\/strong>caso seja essencial a defesa de processo judicial, n\u00f3s poderemos realizar o compartilhamento de seus dados e informa\u00e7\u00f5es com o advogado respons\u00e1vel pela nossa defesa.<\/li>\n<\/ul>\n\n\n\n<p><strong>Importante:<\/strong>&nbsp;a Tech2Think preza pela coleta m\u00ednima dos dados, e compartilhamento somente em casos essenciais ao desenvolvimento de nossas atividades.<\/p>\n\n\n\n<p><strong>5. SEGURAN\u00c7A DA INFORMA\u00c7\u00c3O<\/strong><\/p>\n\n\n\n<p>O armazenamento de dados coletados pela&nbsp;Tech2Think&nbsp;reflete o nosso compromisso com a seguran\u00e7a e privacidade dos dados. Utilizamos medidas e solu\u00e7\u00f5es t\u00e9cnicas de prote\u00e7\u00e3o para garantir a confidencialidade, integridade e inviolabilidade dos seus dados, e contamos com medidas de seguran\u00e7a apropriadas aos riscos e com controle de acesso \u00e0s informa\u00e7\u00f5es armazenadas.<\/p>\n\n\n\n<p>Como exemplos de algumas das medidas de seguran\u00e7a, podemos citar:<\/p>\n\n\n\n<ul class=\"wp-block-list\">\n<li>Apenas pessoas autorizadas t\u00eam acesso a seus dados;<\/li>\n\n\n\n<li>Seus dados pessoais s\u00e3o armazenados em ambiente seguro e id\u00f4neo, com acesso por meio de senhas fortes.<\/li>\n<\/ul>\n\n\n\n<p>Dessa forma, nos comprometemos a sempre adotar as melhores posturas e pr\u00e1ticas para evitar incidentes de seguran\u00e7a.<\/p>\n\n\n\n<p>Por conta disso, \u00e9 importante destacar que a Tech2Think n\u00e3o se responsabiliza por:<\/p>\n\n\n\n<p><strong>(i)<\/strong>&nbsp;quaisquer consequ\u00eancias decorrentes de culpa do usu\u00e1rio em rela\u00e7\u00e3o a seus dados;<\/p>\n\n\n\n<p><strong>(ii)<\/strong>&nbsp;a\u00e7\u00f5es maliciosas de terceiros, como por exemplo, ataques de hackers, salvo se conduta culposa ou deliberada da&nbsp;Tech2Think;<\/p>\n\n\n\n<p><strong>(iii)<\/strong>&nbsp;inveracidade das informa\u00e7\u00f5es inseridas pelo usu\u00e1rio nos registros necess\u00e1rios para a utiliza\u00e7\u00e3o dos servi\u00e7os, uma vez que quaisquer consequ\u00eancias decorrentes de informa\u00e7\u00f5es falsas ou inseridas de m\u00e1-f\u00e9 s\u00e3o de inteiramente responsabilidade do usu\u00e1rio.<\/p>\n\n\n\n<p><strong>6. ATUALIZA\u00c7\u00d5ES DA POL\u00cdTICA DE PRIVACIDADE<\/strong><\/p>\n\n\n\n<p>Nos reservamos no direito de realizarmos mudan\u00e7as ou altera\u00e7\u00f5es nesta&nbsp;<strong>pol\u00edtica<\/strong>&nbsp;sempre que acharmos necess\u00e1rio. &nbsp;<\/p>\n\n\n\n<p>tech2think@tech2think.com.br <strong>\u200d<\/strong><\/p>\n\n\n\n<p><\/p>\n","protected":false},"excerpt":{"rendered":"<p>1. TERMOS E DEFINI\u00c7\u00d5ES 2. COMO E QUAIS DADOS TRATAMOS? Atrav\u00e9s do nosso site voc\u00ea poder\u00e1 nos fornecer dados e informa\u00e7\u00f5es quando realizar as seguintes a\u00e7\u00f5es: Em respeito \u00e0 Lei Geral de Prote\u00e7\u00e3o de dados, n\u00f3s informamos que&nbsp;realizamos o tratamento dos seus dados e informa\u00e7\u00f5es com base no consentimento. 3. DIREITO DOS TITULARES A Tech2Think [&hellip;]<\/p>\n","protected":false},"author":2,"featured_media":0,"parent":0,"menu_order":0,"comment_status":"closed","ping_status":"closed","template":"","meta":{"footnotes":""},"class_list":["post-5","page","type-page","status-publish","hentry"],"_links":{"self":[{"href":"https:\/\/www.tech2think.com.br\/index.php\/wp-json\/wp\/v2\/pages\/5","targetHints":{"allow":["GET"]}}],"collection":[{"href":"https:\/\/www.tech2think.com.br\/index.php\/wp-json\/wp\/v2\/pages"}],"about":[{"href":"https:\/\/www.tech2think.com.br\/index.php\/wp-json\/wp\/v2\/types\/page"}],"author":[{"embeddable":true,"href":"https:\/\/www.tech2think.com.br\/index.php\/wp-json\/wp\/v2\/users\/2"}],"replies":[{"embeddable":true,"href":"https:\/\/www.tech2think.com.br\/index.php\/wp-json\/wp\/v2\/comments?post=5"}],"version-history":[{"count":3,"href":"https:\/\/www.tech2think.com.br\/index.php\/wp-json\/wp\/v2\/pages\/5\/revisions"}],"predecessor-version":[{"id":1483,"href":"https:\/\/www.tech2think.com.br\/index.php\/wp-json\/wp\/v2\/pages\/5\/revisions\/1483"}],"wp:attachment":[{"href":"https:\/\/www.tech2think.com.br\/index.php\/wp-json\/wp\/v2\/media?parent=5"}],"curies":[{"name":"wp","href":"https:\/\/api.w.org\/{rel}","templated":true}]}}